{"id":9100,"date":"2019-03-07T11:58:04","date_gmt":"2019-03-07T11:58:04","guid":{"rendered":"https:\/\/fisioterapiajaimevalverde.es\/infantile-respiratory-physiotherapy\/"},"modified":"2019-03-07T11:58:05","modified_gmt":"2019-03-07T11:58:05","slug":"infantile-respiratory-physiotherapy","status":"publish","type":"page","link":"https:\/\/fisioterapiajaimevalverde.es\/en\/infantile-respiratory-physiotherapy\/","title":{"rendered":"Infantile Respiratory Physiotherapy"},"content":{"rendered":"<p>[vc_section full_width=&#8221;stretch_row&#8221; css=&#8221;.vc_custom_1532337607734{margin-top: 0px !important;margin-bottom: 0px !important;padding-top: 75px !important;padding-bottom: 66px !important;}&#8221; el_class=&#8221;background-position-top-custom&#8221;][vc_row full_width=&#8221;stretch_row&#8221; gap=&#8221;35&#8243; css=&#8221;.vc_custom_1532339477833{margin-top: 0px !important;margin-bottom: 0px !important;padding-top: 0px !important;padding-bottom: 0px !important;}&#8221;][vc_column width=&#8221;7\/12&#8243; css=&#8221;.vc_custom_1533879658921{margin-top: 0px !important;margin-bottom: 0px !important;padding-top: 0px !important;padding-right: 0px !important;padding-bottom: 0px !important;padding-left: 0px !important;}&#8221; offset=&#8221;vc_col-lg-8 vc_col-md-8 vc_col-xs-12&#8243;][vc_custom_heading text=&#8221;Infantile Respiratory Physiotherapy&#8221; font_container=&#8221;tag:h2|font_size:25px|text_align:left|line_height:35px&#8221; use_theme_fonts=&#8221;yes&#8221; css_animation=&#8221;none&#8221; css=&#8221;.vc_custom_1545254012591{margin-top: 0px !important;margin-bottom: 0px !important;padding-top: 0px !important;padding-bottom: 0px !important;}&#8221; el_class=&#8221;font-weight-bold&#8221;][vc_custom_heading text=&#8221;The goal of infantile respiratory physiotherapy is to cleanse the baby&#8217;s lungs and breathing pathways from mucus that hinder normal breathing. Helping to normalize sleep patterns and feeding.&#8221; font_container=&#8221;tag:p|font_size:15px|text_align:left|color:%23434343|line_height:26px&#8221; use_theme_fonts=&#8221;yes&#8221; css_animation=&#8221;none&#8221; css=&#8221;.vc_custom_1546984874671{margin-top: 14px !important;margin-bottom: 34px !important;padding-top: 0px !important;padding-bottom: 0px !important;}&#8221;][vc_single_image image=&#8221;8488&#8243; img_size=&#8221;full&#8221; css=&#8221;.vc_custom_1545471378829{margin-top: 0px !important;margin-bottom: 0px !important;padding-top: 0px !important;padding-bottom: 0px !important;}&#8221;][vc_custom_heading text=&#8221;What is the session?&#8221; font_container=&#8221;tag:h3|font_size:18px|text_align:left|line_height:24px&#8221; use_theme_fonts=&#8221;yes&#8221; css_animation=&#8221;none&#8221; css=&#8221;.vc_custom_1545254389044{margin-top: 40px !important;margin-bottom: 0px !important;padding-top: 0px !important;padding-bottom: 0px !important;}&#8221;]\r<!-- list -->\r<div class=\"radiantthemes-list rt2217454981 element-four   vc_custom_1546984964196  \" >\n<ul>\n<li>Primero se hace una <strong>entrevista con los padres<\/strong> para determinar los patrones de sue\u00f1o del ni\u00f1o y saber qu\u00e9 tal elimina las secreciones.<\/li>\n<li>Tras esto se procede, a <strong>explorar<\/strong> al beb\u00e9.<\/li>\n<li>Generalmente, se comienza <strong>limpiando<\/strong> las v\u00edas respiratorias altas con <strong>Suero Salino<\/strong>.<\/li>\n<li>Tras esto, se har\u00e1n ciertas maniobras sobre el pecho del beb\u00e9 para <strong>ayudarle,<\/strong> mediante la respiraci\u00f3n,\u00a0<strong>a expulsar<\/strong> la mucosidad.<\/li>\n<li>Durante toda la sesi\u00f3n,\u00a0<strong>se ensa\u00f1ar\u00e1 a los padres<\/strong> a realizar estas maniobras para que puedan realizarlas en casa.<\/li>\n<\/ul>\n<\/div>\r<!-- list -->\r[vc_custom_heading text=&#8221;Respiratory Physiotherapy is an ideal tool to treat from colds to respiratory pathologies in babies!&#8221; font_container=&#8221;tag:h3|font_size:17px|text_align:left|line_height:24px&#8221; use_theme_fonts=&#8221;yes&#8221; css_animation=&#8221;none&#8221; css=&#8221;.vc_custom_1545332513780{margin-top: 28px !important;margin-bottom: 0px !important;padding-top: 0px !important;padding-bottom: 22px !important;}&#8221; el_class=&#8221;font-weight-semibold&#8221;][\/vc_column][vc_column width=&#8221;5\/12&#8243; css=&#8221;.vc_custom_1533879674902{margin-top: 0px !important;margin-bottom: 0px !important;padding-top: 0px !important;padding-right: 0px !important;padding-bottom: 0px !important;padding-left: 0px !important;}&#8221; offset=&#8221;vc_col-lg-4 vc_col-md-4 vc_col-xs-12&#8243;][vc_row_inner css=&#8221;.vc_custom_1532342534015{margin-top: 0px !important;margin-right: 0px !important;margin-bottom: 0px !important;margin-left: 0px !important;border-top-width: 1px !important;border-right-width: 1px !important;border-bottom-width: 1px !important;border-left-width: 1px !important;padding-top: 0px !important;padding-right: 0px !important;padding-bottom: 0px !important;padding-left: 0px !important;border-left-color: #e6e6e6 !important;border-left-style: solid !important;border-right-color: #e6e6e6 !important;border-right-style: solid !important;border-top-color: #e6e6e6 !important;border-top-style: solid !important;border-bottom-color: #e6e6e6 !important;border-bottom-style: solid !important;}&#8221;][vc_column_inner css=&#8221;.vc_custom_1532339428463{margin-top: 0px !important;margin-right: 0px !important;margin-bottom: 0px !important;margin-left: 0px !important;padding-top: 0px !important;padding-right: 0px !important;padding-bottom: 0px !important;padding-left: 0px !important;}&#8221;][vc_custom_heading text=&#8221;Treatments&#8221; font_container=&#8221;tag:h3|font_size:18px|text_align:left|line_height:24px&#8221; use_theme_fonts=&#8221;yes&#8221; css=&#8221;.vc_custom_1546941122361{margin-top: 0px !important;margin-bottom: 0px !important;padding-top: 18px !important;padding-right: 17px !important;padding-bottom: 18px !important;padding-left: 28px !important;}&#8221; el_class=&#8221;font-weight-bold&#8221;]<!-- radiantthemes-custom-menu --><div class=\"radiantthemes-custom-menu element-one rt629303388 \"    ><ul id=\"menu-all-departments\" class=\"menu rt-mega-menu-transition-default\"><li id=\"menu-item-8162\" class=\"menu-item menu-item-type-post_type menu-item-object-page menu-flyout rt-mega-menu-hover item-8162\"><a  href=\"https:\/\/fisioterapiajaimevalverde.es\/terapia-manual-ortopedica\/\">Terapia Manual Ortop\u00e9dica<\/a><\/li>\n<li id=\"menu-item-8150\" class=\"menu-item menu-item-type-post_type menu-item-object-page menu-flyout rt-mega-menu-hover item-8150\"><a  href=\"https:\/\/fisioterapiajaimevalverde.es\/puncion-seca\/\">Punci\u00f3n Seca<\/a><\/li>\n<li id=\"menu-item-8159\" class=\"menu-item menu-item-type-post_type menu-item-object-page menu-flyout rt-mega-menu-hover item-8159\"><a  href=\"https:\/\/fisioterapiajaimevalverde.es\/ejercicio-terapeutico\/\">Ejercicio Terap\u00e9utico<\/a><\/li>\n<li id=\"menu-item-8161\" class=\"menu-item menu-item-type-post_type menu-item-object-page menu-flyout rt-mega-menu-hover item-8161\"><a  href=\"https:\/\/fisioterapiajaimevalverde.es\/fisioterapia-respiratoria-infantil\/\">Fisioterapia Respiratoria Infantil<\/a><\/li>\n<\/ul><\/div>\r<!-- radiantthemes-custom-menu -->\r[\/vc_column_inner][\/vc_row_inner][vc_row_inner css=&#8221;.vc_custom_1546976918003{margin-top: 28px !important;margin-right: 0px !important;margin-bottom: 0px !important;margin-left: 0px !important;padding-top: 0px !important;padding-right: 0px !important;padding-bottom: 0px !important;padding-left: 0px !important;}&#8221;][vc_column_inner css=&#8221;.vc_custom_1546941108512{margin-top: 0px !important;margin-right: 0px !important;margin-bottom: 0px !important;margin-left: 0px !important;padding-top: 38px !important;padding-right: 26px !important;padding-bottom: 36px !important;padding-left: 26px !important;background-image: url(https:\/\/fisioterapiajaimevalverde.es\/wp-content\/uploads\/2018\/12\/contact-back.jpg?id=8574) !important;background-position: center !important;background-repeat: no-repeat !important;background-size: cover !important;}&#8221;][vc_custom_heading text=&#8221;DO NOT HESITATE TO CONTACT US.&#8221; font_container=&#8221;tag:h3|font_size:17px|text_align:center|color:%23ffffff|line_height:23px&#8221; use_theme_fonts=&#8221;yes&#8221; el_class=&#8221;font-weight-bold&#8221; css=&#8221;.vc_custom_1546941065041{padding-bottom: 10px !important;}&#8221;][vc_custom_heading text=&#8221;We will be happy to help you solve your doubts and everything you need.&#8221; font_container=&#8221;tag:p|font_size:15px|text_align:center|color:%23ffffff|line_height:23px&#8221; use_theme_fonts=&#8221;yes&#8221; el_class=&#8221;font-weight-medium&#8221; css=&#8221;.vc_custom_1546941048636{padding-bottom: 20px !important;}&#8221;][vc_custom_heading text=&#8221;611 17 35 06&#8243; font_container=&#8221;tag:h3|font_size:24px|text_align:center|color:%23ffffff|line_height:23px&#8221; use_theme_fonts=&#8221;yes&#8221; el_class=&#8221;font-weight-medium&#8221; css=&#8221;.vc_custom_1547143175898{padding-bottom: 20px !important;}&#8221;][vc_raw_html css=&#8221;.vc_custom_1546984897516{padding-left: 31px !important;}&#8221;]W2NyZXN0YS13aGF0c2FwcC1jaGF0IHRleHQ9IkNvbnRhY3RvIFBvciBXaGF0c2FwcCBBaG9yYSEiIGljb249InllcyIgcG9zaXRpb249InRvcCIgdXNlPSJudW1iZXIiIG51bWJlcj0iIl0=[\/vc_raw_html][\/vc_column_inner][\/vc_row_inner][\/vc_column][\/vc_row][\/vc_section]<\/p>\n","protected":false},"excerpt":{"rendered":"<p>[vc_section full_width=&#8221;stretch_row&#8221; css=&#8221;.vc_custom_1532337607734{margin-top: 0px !important;margin-bottom: 0px !important;padding-top: 75px !important;padding-bottom: 66px !important;}&#8221; el_class=&#8221;background-position-top-custom&#8221;][vc_row full_width=&#8221;stretch_row&#8221; gap=&#8221;35&#8243; css=&#8221;.vc_custom_1532339477833{margin-top: 0px !important;margin-bottom: 0px !important;padding-top: 0px !important;padding-bottom: 0px !important;}&#8221;][vc_column width=&#8221;7\/12&#8243; css=&#8221;.vc_custom_1533879658921{margin-top: 0px !important;margin-bottom: 0px !important;padding-top: 0px !important;padding-right: 0px !important;padding-bottom: 0px !important;padding-left: 0px !important;}&#8221; offset=&#8221;vc_col-lg-8 vc_col-md-8 vc_col-xs-12&#8243;][vc_custom_heading text=&#8221;Infantile Respiratory Physiotherapy&#8221; font_container=&#8221;tag:h2|font_size:25px|text_align:left|line_height:35px&#8221; use_theme_fonts=&#8221;yes&#8221; css_animation=&#8221;none&#8221; css=&#8221;.vc_custom_1545254012591{margin-top: 0px !important;margin-bottom: 0px !important;padding-top: 0px !important;padding-bottom: 0px !important;}&#8221; [&hellip;]<\/p>\n","protected":false},"author":1,"featured_media":9068,"parent":0,"menu_order":0,"comment_status":"closed","ping_status":"closed","template":"","meta":{"footnotes":""},"class_list":["post-9100","page","type-page","status-publish","has-post-thumbnail","hentry"],"yoast_head":"<!-- This site is optimized with the Yoast SEO plugin v18.5.1 - https:\/\/yoast.com\/wordpress\/plugins\/seo\/ -->\n<title>Infantile Respiratory Physiotherapy - Fisioterapia en Chamberi | Jaime Valverde Fisioterapeuta<\/title>\n<meta name=\"robots\" content=\"index, follow, max-snippet:-1, max-image-preview:large, max-video-preview:-1\" \/>\n<link rel=\"canonical\" href=\"https:\/\/fisioterapiajaimevalverde.es\/en\/infantile-respiratory-physiotherapy\/\" \/>\n<meta property=\"og:locale\" content=\"en_US\" \/>\n<meta property=\"og:type\" content=\"article\" \/>\n<meta property=\"og:title\" content=\"Infantile Respiratory Physiotherapy - Fisioterapia en Chamberi | Jaime Valverde Fisioterapeuta\" \/>\n<meta property=\"og:description\" content=\"[vc_section full_width=&#8221;stretch_row&#8221; css=&#8221;.vc_custom_1532337607734{margin-top: 0px !important;margin-bottom: 0px !important;padding-top: 75px !important;padding-bottom: 66px !important;}&#8221; el_class=&#8221;background-position-top-custom&#8221;][vc_row full_width=&#8221;stretch_row&#8221; gap=&#8221;35&#8243; css=&#8221;.vc_custom_1532339477833{margin-top: 0px !important;margin-bottom: 0px !important;padding-top: 0px !important;padding-bottom: 0px !important;}&#8221;][vc_column width=&#8221;7\/12&#8243; css=&#8221;.vc_custom_1533879658921{margin-top: 0px !important;margin-bottom: 0px !important;padding-top: 0px !important;padding-right: 0px !important;padding-bottom: 0px !important;padding-left: 0px !important;}&#8221; offset=&#8221;vc_col-lg-8 vc_col-md-8 vc_col-xs-12&#8243;][vc_custom_heading text=&#8221;Infantile Respiratory Physiotherapy&#8221; font_container=&#8221;tag:h2|font_size:25px|text_align:left|line_height:35px&#8221; use_theme_fonts=&#8221;yes&#8221; css_animation=&#8221;none&#8221; css=&#8221;.vc_custom_1545254012591{margin-top: 0px !important;margin-bottom: 0px !important;padding-top: 0px !important;padding-bottom: 0px !important;}&#8221; [&hellip;]\" \/>\n<meta property=\"og:url\" content=\"https:\/\/fisioterapiajaimevalverde.es\/en\/infantile-respiratory-physiotherapy\/\" \/>\n<meta property=\"og:site_name\" content=\"Fisioterapia en Chamberi | Jaime Valverde Fisioterapeuta\" \/>\n<meta property=\"article:publisher\" content=\"https:\/\/www.facebook.com\/FisioterapiaJV\" \/>\n<meta property=\"article:modified_time\" content=\"2019-03-07T11:58:05+00:00\" \/>\n<meta property=\"og:image\" content=\"https:\/\/fisioterapiajaimevalverde.es\/wp-content\/uploads\/2019\/01\/inner-banner-JV-compressor-3.jpg\" \/>\n\t<meta property=\"og:image:width\" content=\"1466\" \/>\n\t<meta property=\"og:image:height\" content=\"192\" \/>\n\t<meta property=\"og:image:type\" content=\"image\/jpeg\" \/>\n<meta name=\"twitter:card\" content=\"summary_large_image\" \/>\n<meta name=\"twitter:site\" content=\"@FisioterapiaJv\" \/>\n<meta name=\"twitter:label1\" content=\"Est. reading time\" \/>\n\t<meta name=\"twitter:data1\" content=\"4 minutes\" \/>\n<script type=\"application\/ld+json\" class=\"yoast-schema-graph\">{\"@context\":\"https:\/\/schema.org\",\"@graph\":[{\"@type\":\"Organization\",\"@id\":\"https:\/\/fisioterapiajaimevalverde.es\/#organization\",\"name\":\"Fisioterapia Chamber\u00ed - Jaime Valverde\",\"url\":\"https:\/\/fisioterapiajaimevalverde.es\/\",\"sameAs\":[\"https:\/\/www.facebook.com\/FisioterapiaJV\",\"https:\/\/twitter.com\/FisioterapiaJv\"],\"logo\":{\"@type\":\"ImageObject\",\"@id\":\"https:\/\/fisioterapiajaimevalverde.es\/#logo\",\"inLanguage\":\"en-US\",\"url\":\"https:\/\/fisioterapiajaimevalverde.es\/wp-content\/uploads\/2018\/12\/Logo.png\",\"contentUrl\":\"https:\/\/fisioterapiajaimevalverde.es\/wp-content\/uploads\/2018\/12\/Logo.png\",\"width\":596,\"height\":382,\"caption\":\"Fisioterapia Chamber\u00ed - Jaime Valverde\"},\"image\":{\"@id\":\"https:\/\/fisioterapiajaimevalverde.es\/#logo\"}},{\"@type\":\"WebSite\",\"@id\":\"https:\/\/fisioterapiajaimevalverde.es\/#website\",\"url\":\"https:\/\/fisioterapiajaimevalverde.es\/\",\"name\":\"Fisioterapia en Chamberi | Jaime Valverde Fisioterapeuta\",\"description\":\"Tu Centro de Fisioterapia en Chamberi | Fisioterapeutas Titulados\",\"publisher\":{\"@id\":\"https:\/\/fisioterapiajaimevalverde.es\/#organization\"},\"potentialAction\":[{\"@type\":\"SearchAction\",\"target\":{\"@type\":\"EntryPoint\",\"urlTemplate\":\"https:\/\/fisioterapiajaimevalverde.es\/?s={search_term_string}\"},\"query-input\":\"required name=search_term_string\"}],\"inLanguage\":\"en-US\"},{\"@type\":\"ImageObject\",\"@id\":\"https:\/\/fisioterapiajaimevalverde.es\/en\/infantile-respiratory-physiotherapy\/#primaryimage\",\"inLanguage\":\"en-US\",\"url\":\"https:\/\/fisioterapiajaimevalverde.es\/wp-content\/uploads\/2019\/01\/inner-banner-JV-compressor-3.jpg\",\"contentUrl\":\"https:\/\/fisioterapiajaimevalverde.es\/wp-content\/uploads\/2019\/01\/inner-banner-JV-compressor-3.jpg\",\"width\":1466,\"height\":192},{\"@type\":\"WebPage\",\"@id\":\"https:\/\/fisioterapiajaimevalverde.es\/en\/infantile-respiratory-physiotherapy\/#webpage\",\"url\":\"https:\/\/fisioterapiajaimevalverde.es\/en\/infantile-respiratory-physiotherapy\/\",\"name\":\"Infantile Respiratory Physiotherapy - Fisioterapia en Chamberi | Jaime Valverde Fisioterapeuta\",\"isPartOf\":{\"@id\":\"https:\/\/fisioterapiajaimevalverde.es\/#website\"},\"primaryImageOfPage\":{\"@id\":\"https:\/\/fisioterapiajaimevalverde.es\/en\/infantile-respiratory-physiotherapy\/#primaryimage\"},\"datePublished\":\"2019-03-07T11:58:04+00:00\",\"dateModified\":\"2019-03-07T11:58:05+00:00\",\"breadcrumb\":{\"@id\":\"https:\/\/fisioterapiajaimevalverde.es\/en\/infantile-respiratory-physiotherapy\/#breadcrumb\"},\"inLanguage\":\"en-US\",\"potentialAction\":[{\"@type\":\"ReadAction\",\"target\":[\"https:\/\/fisioterapiajaimevalverde.es\/en\/infantile-respiratory-physiotherapy\/\"]}]},{\"@type\":\"BreadcrumbList\",\"@id\":\"https:\/\/fisioterapiajaimevalverde.es\/en\/infantile-respiratory-physiotherapy\/#breadcrumb\",\"itemListElement\":[{\"@type\":\"ListItem\",\"position\":1,\"name\":\"Portada\",\"item\":\"https:\/\/fisioterapiajaimevalverde.es\/en\/\"},{\"@type\":\"ListItem\",\"position\":2,\"name\":\"Infantile Respiratory Physiotherapy\"}]}]}<\/script>\n<!-- \/ Yoast SEO plugin. -->","yoast_head_json":{"title":"Infantile Respiratory Physiotherapy - Fisioterapia en Chamberi | Jaime Valverde Fisioterapeuta","robots":{"index":"index","follow":"follow","max-snippet":"max-snippet:-1","max-image-preview":"max-image-preview:large","max-video-preview":"max-video-preview:-1"},"canonical":"https:\/\/fisioterapiajaimevalverde.es\/en\/infantile-respiratory-physiotherapy\/","og_locale":"en_US","og_type":"article","og_title":"Infantile Respiratory Physiotherapy - Fisioterapia en Chamberi | Jaime Valverde Fisioterapeuta","og_description":"[vc_section full_width=&#8221;stretch_row&#8221; css=&#8221;.vc_custom_1532337607734{margin-top: 0px !important;margin-bottom: 0px !important;padding-top: 75px !important;padding-bottom: 66px !important;}&#8221; el_class=&#8221;background-position-top-custom&#8221;][vc_row full_width=&#8221;stretch_row&#8221; gap=&#8221;35&#8243; css=&#8221;.vc_custom_1532339477833{margin-top: 0px !important;margin-bottom: 0px !important;padding-top: 0px !important;padding-bottom: 0px !important;}&#8221;][vc_column width=&#8221;7\/12&#8243; css=&#8221;.vc_custom_1533879658921{margin-top: 0px !important;margin-bottom: 0px !important;padding-top: 0px !important;padding-right: 0px !important;padding-bottom: 0px !important;padding-left: 0px !important;}&#8221; offset=&#8221;vc_col-lg-8 vc_col-md-8 vc_col-xs-12&#8243;][vc_custom_heading text=&#8221;Infantile Respiratory Physiotherapy&#8221; font_container=&#8221;tag:h2|font_size:25px|text_align:left|line_height:35px&#8221; use_theme_fonts=&#8221;yes&#8221; css_animation=&#8221;none&#8221; css=&#8221;.vc_custom_1545254012591{margin-top: 0px !important;margin-bottom: 0px !important;padding-top: 0px !important;padding-bottom: 0px !important;}&#8221; [&hellip;]","og_url":"https:\/\/fisioterapiajaimevalverde.es\/en\/infantile-respiratory-physiotherapy\/","og_site_name":"Fisioterapia en Chamberi | Jaime Valverde Fisioterapeuta","article_publisher":"https:\/\/www.facebook.com\/FisioterapiaJV","article_modified_time":"2019-03-07T11:58:05+00:00","og_image":[{"width":1466,"height":192,"url":"https:\/\/fisioterapiajaimevalverde.es\/wp-content\/uploads\/2019\/01\/inner-banner-JV-compressor-3.jpg","type":"image\/jpeg"}],"twitter_card":"summary_large_image","twitter_site":"@FisioterapiaJv","twitter_misc":{"Est. reading time":"4 minutes"},"schema":{"@context":"https:\/\/schema.org","@graph":[{"@type":"Organization","@id":"https:\/\/fisioterapiajaimevalverde.es\/#organization","name":"Fisioterapia Chamber\u00ed - Jaime Valverde","url":"https:\/\/fisioterapiajaimevalverde.es\/","sameAs":["https:\/\/www.facebook.com\/FisioterapiaJV","https:\/\/twitter.com\/FisioterapiaJv"],"logo":{"@type":"ImageObject","@id":"https:\/\/fisioterapiajaimevalverde.es\/#logo","inLanguage":"en-US","url":"https:\/\/fisioterapiajaimevalverde.es\/wp-content\/uploads\/2018\/12\/Logo.png","contentUrl":"https:\/\/fisioterapiajaimevalverde.es\/wp-content\/uploads\/2018\/12\/Logo.png","width":596,"height":382,"caption":"Fisioterapia Chamber\u00ed - Jaime Valverde"},"image":{"@id":"https:\/\/fisioterapiajaimevalverde.es\/#logo"}},{"@type":"WebSite","@id":"https:\/\/fisioterapiajaimevalverde.es\/#website","url":"https:\/\/fisioterapiajaimevalverde.es\/","name":"Fisioterapia en Chamberi | Jaime Valverde Fisioterapeuta","description":"Tu Centro de Fisioterapia en Chamberi | Fisioterapeutas Titulados","publisher":{"@id":"https:\/\/fisioterapiajaimevalverde.es\/#organization"},"potentialAction":[{"@type":"SearchAction","target":{"@type":"EntryPoint","urlTemplate":"https:\/\/fisioterapiajaimevalverde.es\/?s={search_term_string}"},"query-input":"required name=search_term_string"}],"inLanguage":"en-US"},{"@type":"ImageObject","@id":"https:\/\/fisioterapiajaimevalverde.es\/en\/infantile-respiratory-physiotherapy\/#primaryimage","inLanguage":"en-US","url":"https:\/\/fisioterapiajaimevalverde.es\/wp-content\/uploads\/2019\/01\/inner-banner-JV-compressor-3.jpg","contentUrl":"https:\/\/fisioterapiajaimevalverde.es\/wp-content\/uploads\/2019\/01\/inner-banner-JV-compressor-3.jpg","width":1466,"height":192},{"@type":"WebPage","@id":"https:\/\/fisioterapiajaimevalverde.es\/en\/infantile-respiratory-physiotherapy\/#webpage","url":"https:\/\/fisioterapiajaimevalverde.es\/en\/infantile-respiratory-physiotherapy\/","name":"Infantile Respiratory Physiotherapy - Fisioterapia en Chamberi | Jaime Valverde Fisioterapeuta","isPartOf":{"@id":"https:\/\/fisioterapiajaimevalverde.es\/#website"},"primaryImageOfPage":{"@id":"https:\/\/fisioterapiajaimevalverde.es\/en\/infantile-respiratory-physiotherapy\/#primaryimage"},"datePublished":"2019-03-07T11:58:04+00:00","dateModified":"2019-03-07T11:58:05+00:00","breadcrumb":{"@id":"https:\/\/fisioterapiajaimevalverde.es\/en\/infantile-respiratory-physiotherapy\/#breadcrumb"},"inLanguage":"en-US","potentialAction":[{"@type":"ReadAction","target":["https:\/\/fisioterapiajaimevalverde.es\/en\/infantile-respiratory-physiotherapy\/"]}]},{"@type":"BreadcrumbList","@id":"https:\/\/fisioterapiajaimevalverde.es\/en\/infantile-respiratory-physiotherapy\/#breadcrumb","itemListElement":[{"@type":"ListItem","position":1,"name":"Portada","item":"https:\/\/fisioterapiajaimevalverde.es\/en\/"},{"@type":"ListItem","position":2,"name":"Infantile Respiratory Physiotherapy"}]}]}},"_links":{"self":[{"href":"https:\/\/fisioterapiajaimevalverde.es\/en\/wp-json\/wp\/v2\/pages\/9100","targetHints":{"allow":["GET"]}}],"collection":[{"href":"https:\/\/fisioterapiajaimevalverde.es\/en\/wp-json\/wp\/v2\/pages"}],"about":[{"href":"https:\/\/fisioterapiajaimevalverde.es\/en\/wp-json\/wp\/v2\/types\/page"}],"author":[{"embeddable":true,"href":"https:\/\/fisioterapiajaimevalverde.es\/en\/wp-json\/wp\/v2\/users\/1"}],"replies":[{"embeddable":true,"href":"https:\/\/fisioterapiajaimevalverde.es\/en\/wp-json\/wp\/v2\/comments?post=9100"}],"version-history":[{"count":1,"href":"https:\/\/fisioterapiajaimevalverde.es\/en\/wp-json\/wp\/v2\/pages\/9100\/revisions"}],"predecessor-version":[{"id":9101,"href":"https:\/\/fisioterapiajaimevalverde.es\/en\/wp-json\/wp\/v2\/pages\/9100\/revisions\/9101"}],"wp:featuredmedia":[{"embeddable":true,"href":"https:\/\/fisioterapiajaimevalverde.es\/en\/wp-json\/wp\/v2\/media\/9068"}],"wp:attachment":[{"href":"https:\/\/fisioterapiajaimevalverde.es\/en\/wp-json\/wp\/v2\/media?parent=9100"}],"curies":[{"name":"wp","href":"https:\/\/api.w.org\/{rel}","templated":true}]}}